{"id":17260,"date":"2022-01-17T01:57:02","date_gmt":"2022-01-16T23:57:02","guid":{"rendered":"https:\/\/www.aosr.ro\/homepage\/"},"modified":"2022-01-17T01:57:02","modified_gmt":"2022-01-16T23:57:02","slug":"homepage","status":"publish","type":"page","link":"https:\/\/www.aosr.ro\/en\/homepage\/","title":{"rendered":"Homepage"},"content":{"rendered":"<hr>\n<div id=\"m_4022315640612109009yui_3_16_0_ym19_1_1526450517523_10622\">\n<div class=\"yiv0993349214m_-332833361870556104MsoNormalCxSpMiddle\">\n<div id=\"yui_3_16_0_ym19_1_1475060095275_3636\" class=\"body undoreset\" tabindex=\"0\">\n<div id=\"yui_3_16_0_ym19_1_1475060095275_3635\" class=\"email-wrapped\">\n<div id=\"yiv4876461056\">\n<div>\n<h1><span style=\"color: #000000;\">Applied Modeling in Economics, Finance and Social Sciences<\/span><\/h1>\n<p class=\"yiv2178076172MsoNormal\"><span style=\"color: #000000;\"><strong>AMEFSS 2019:<\/strong><\/span><\/p>\n<p class=\"yiv2178076172gmail-tab\"><span style=\"color: #000000;\"><span lang=\"EN-GB\">The International Conference<\/span> <tt><span lang=\"EN-GB\">Applied Modeling in Economics, Finance and Social Sciences (AMEFSS 2019)<\/span><\/tt> <span lang=\"EN-GB\">\u201dTo be held on the June 28 to July 2, 2019 in Sozopol, Bulgaria. The main organizers are Sofia University &#8220;St. Kl. Ohridski&#8221; ( <a href=\"http:\/\/www.uni-sofia.bg\/index.php\/eng\/the_university\/faculties\/faculty_of_economics_and_business_administration\" target=\"_blank\" rel=\"nofollow noopener\">Faculty of Economics and Business Administration<\/a> ), <a href=\"https:\/\/www.aosr.ro\/en\/\" target=\"_blank\" rel=\"nofollow noopener\">Academy of Romanian Scientists<\/a> , Plovdiv University &#8220;Paisii Hilendarski&#8221; ( <a href=\"http:\/\/uni-plovdiv.bg\/en\/pages\/index\/37\/\" target=\"_blank\" rel=\"nofollow noopener\">Faculty of Economics and Social Studies<\/a> ).<\/span><\/span><\/p>\n<p>&nbsp;<\/p>\n<p class=\"yiv2178076172gmail-tab\"><span lang=\"EN-GB\" style=\"color: #000000;\">The conference topics are the following, but are not limited to: mathematical modeling; stochastic modeling; optimization and control; machine learning and predictive model; data and business analytics. Moreover, the conference will cover the topics: software for modeling and simulation, distributed computing, volunteer (desktop grid) computing, high-performance computing.<\/span><\/p>\n<p class=\"yiv2178076172gmail-tab\"><span lang=\"EN-GB\" style=\"color: #000000;\">In addition, The conference will cover a wide range of topics on the most recent developments and modeling in Economics, Management and Social Sciences. Researchers are encouraged to exchange their experience in resolving practical challenges they have encountered and discuss contemporary economic policies and issues.<\/span><\/p>\n<hr>\n<p><img loading=\"lazy\" decoding=\"async\" class=\"wp-image-13751 alignleft\" src=\"https:\/\/www.aosr.ro\/wp-content\/uploads\/2018\/11\/Dezbatere-3.jpg\" alt=\"\" width=\"330\" height=\"220\">Bucharest, 10.11.2018<\/p>\n<p>THE ACADEMY OF ROMANIAN SCIENTISTS ORGANIZED A DEBATE ON A THEME OF MAJOR IMPORTANCE<\/p>\n<p>THE SCHOOL, THE CHURCH AND THE ARMY &#8211; INSTITUTIONS WITH A FUNDAMENTAL ROLE IN ACHIEVING THE GREAT UNION<\/p>\n<p>On November 8, 2018, at 10.00 am, the Marble Hall of the Palace of the National Military Circle, hosted the National Debate \u201cTHE SCHOOL, THE CHURCH AND THE ARMY &#8211; INSTITUTIONS WITH A FUNDAMENTAL ROLE IN ACHIEVING THE GREAT UNION\u201d. The event was organized by the Academy of Romanian Scientists, as part of the celebration by this institution of a century since the end of the First World War and the Centenary of the Great Union. The debate was attended by representatives of state institutions, members of the clergy and the academic staff, scientists and pundits, scientific researchers, university and pre-university teachers. <a href=\"https:\/\/www.aosr.ro\/wp-content\/uploads\/2018\/11\/dezbatere-nov.-2018-centenar-press-release.pdf\">&#8230;more<\/a><\/p>\n<hr>\n<p><img loading=\"lazy\" decoding=\"async\" class=\"wp-image-13715 alignleft\" src=\"https:\/\/www.aosr.ro\/wp-content\/uploads\/2018\/10\/Simpro-1.jpg\" alt=\"\" width=\"203\" height=\"129\">THE INTERNATIONAL MULTIDISCIPLINARY SYMPOSIUM \u201cUNIVERSITARIA SIMPRO 2018\u201d &#8211; the 8<sup>th<\/sup> EDITIONBetween 11 an 13 October 2018 the University of Petro\u015fani, in partnership with INCD-INSEMEX Petro\u015fani, hosted the 8<sup>th<\/sup> edition of the International Multidisciplinary Symposium UNIVERSITARIA SIMPRO 2018, a scientific manifestation of tradition that was held this year under the auspices of the Academy of Romanian Scientists (AOSR), the Technical Sciences Academy of Romania (ASTR) and the General Association of Engineers in Romania (AGIR).<\/p>\n<hr>\n<p><strong>Sunday 5 <sup>th<\/sup> of August 2018<\/strong><\/p>\n<p>CENTENNIAL EVENT <span lang=\"en\">New York Branch<\/span><\/p>\n<p>The anniversary of a century since the creation of the Romanian National Council in Paris that was to proclaim the foundation of the National Council for Romanian Unity, an organ recognized in the fall of 1918 by the French, American, English and Italian governments as an international exponent of the interests of the Romanian people.<\/p>\n<p>Prof. Theodor Damian and Prof. PhD. Doru Tsaganea will hold a speech on this topic<\/p>\n<p>Your presence will be most welcome<\/p>\n<p>Church Address: St. George Episcopal Church, 27 Ave.\/14 Street<\/p>\n<p>(Subway N, Astoria Boulevard Station, bus Q18, stop at 14 Street)<\/p>\n<hr>\n<p><img loading=\"lazy\" decoding=\"async\" class=\"wp-image-13507 alignleft\" src=\"https:\/\/www.aosr.ro\/wp-content\/uploads\/2018\/06\/OTP-title-V2.jpg\" alt=\"\" width=\"326\" height=\"115\"><strong>Conference: &#8220;Bucharest Polymer Conference 1st Edition &#8211; BPC 2018&#8221;<\/strong><br \/>\n <strong>6 &#8211; 8 June 2018, The Center for Advanced Research on New Materials, Products and Innovative Processes (CAMPUS) of POLITEHNICA University of Bucharest<\/strong><br \/>\n <strong>1st floor<\/strong><\/p>\n<hr>\n<p>On May 15, 2018, Carol I National Defense University hosted the round table on the topic \u201cThe Romanian Army and the Great Union of 1918\u201d. The event, which is part of the series of scientific events dedicated to the Centennial Celebration of the Great Union, was organized by the Academy of Romanian Scientists with the support of the Section of Military Sciences and Carol I National Defense University.<\/p>\n<hr>\n<p><img loading=\"lazy\" decoding=\"async\" class=\"wp-image-13467 alignleft\" src=\"https:\/\/www.aosr.ro\/wp-content\/uploads\/2018\/05\/20180514_113418.jpg\" alt=\"\" width=\"228\" height=\"171\">On May 14, 2018, the Human Rights Hall of the Academy of Romanian Scientists hosted the speech \u201cThe Quality of Member State of the European Union and Sovereignty. The Case of Romania \u201d, delivered by Ambassador Constantin Vlad, Founding Full Member of AOSR. The conference, organized by the Section of Philosophy, Psychology, Theology and Journalism, is part of the series of events initiated by the Academy of Romanian Scientists dedicated to the Centenary of the Great Union. The host and moderator of the event was Prof. Adrian Badea, President of the Academy of Romanian Scientists. The Presidium was composed among others of Prof. PhD. Angela Botez, President of the Section of Philosophy, Psychology, Theology and Journalism of AOSR.<\/p>\n<hr>\n<p><em><img loading=\"lazy\" decoding=\"async\" class=\"alignleft wp-image-13487\" src=\"https:\/\/www.aosr.ro\/wp-content\/uploads\/2018\/05\/K.-Grattan.png\" alt=\"\" width=\"188\" height=\"250\"><\/em>Ceremony Speech<\/p>\n<p><em><strong>Optical Fiber Sensors for Industrial Applications<\/strong><\/em><\/p>\n<p>Prof. PhD. KENNETH V. THOMAS GRATTAN,<\/p>\n<p>Fellow of the Royal Academy of Engineering and George Daniels Chair of Scientific Instrumentation<\/p>\n<p>City, University of London, United Kingdom<\/p>\n<p>Honorary Member of the Academy of Romanian Scientists<\/p>\n<p>On May 31, 2018, 11:00, Human Rights Hall, ground floor, 54 Splaiul India<\/p>\n<hr>\n<p><img loading=\"lazy\" decoding=\"async\" class=\"wp-image-13435 alignleft\" src=\"https:\/\/www.aosr.ro\/wp-content\/uploads\/2018\/04\/thumbnail-1.jpg\" alt=\"\" width=\"237\" height=\"329\">\u201cMihai Eminescu\u201d Literary Cenacle and Lumina Lina Journal of New York<\/p>\n<p>(Director Theodor Damian and Editor-in-Chief MN Rusu)<\/p>\n<p>&nbsp;<\/p>\n<p>Invite you on Friday April 20, 2018, at 7:00 PM<\/p>\n<p>&nbsp;<\/p>\n<p>at the launching of the volume Macedonii (arom\u00e2nii) Primii europeni (The Macedonians &#8211; Aromanians &#8211; The First Europeans) by Dima Lascu (New York)<\/p>\n<p>&nbsp;<\/p>\n<p>The volume will be presented by Theodor Damian, Valentina Ciaprazi, Mariana Terra, and the author himself You are most welcome!<\/p>\n<p>The event will take place in Boon Restaurant (former Bucharest)<\/p>\n<p>40th Street with Queens Blvd., Sunnyside, New York<\/p>\n<hr>\n<p>ACADEMY OF ROMANIAN SCIENTISTS, USA BRANCH<\/p>\n<p>THE ROMANIAN ORTHODOX EPARCHY OF THE TWO AMERICAS<\/p>\n<p>ROMANIAN INSTITUTE OF THEOLOGY AND ORTHODOX SPIRITUALITY, NEW YORK<\/p>\n<p>Invite you<\/p>\n<p>Sunday, April 22, 2018<\/p>\n<p>at a round table<\/p>\n<p>on the topics of the Peace Treatise of Bucharest (April 24, 1918)<\/p>\n<p>on the occasion of the 100 <sup>th<\/sup> anniversary of its partial signing<\/p>\n<p>Guest of the event:<\/p>\n<p>Prof. PhD. Doru Tsaganea<\/p>\n<p>Moderator: Pr. Theodor Damian<\/p>\n<p>You are most welcome!<\/p>\n<p>The event will take place in Sf. Ap. Peter and Paul Church, in the social hall after the mess<\/p>\n<p>in St. George&#8217;s Episcopal Church<\/p>\n<p>14-02 27th Ave. (crossroad with 14 <sup>th<\/sup> Street), Astoria; NY 11102<\/p>\n<p>Subway Q or N to Astoria Boulevard Station, or Bus Q 18, stop at 14 <sup>th<\/sup> Street<\/p>\n<hr>\n<p><strong><img loading=\"lazy\" decoding=\"async\" class=\"wp-image-12683 alignleft\" src=\"https:\/\/www.aosr.ro\/wp-content\/uploads\/2015\/04\/logo-2015.png\" alt=\"\" width=\"278\" height=\"276\">Thursday, the 29 <sup>th<\/sup> of March 2018,<\/strong><\/p>\n<p><strong><br \/>\n<\/strong><strong>General Assembly of the Academy of Romanian Scientists and Gala Award Ceremony of AOSR <\/strong><\/p>\n<p>&nbsp;<\/p>\n<p>According to the decision of the General Assembly of AOSR, on March 29, date of the establishment of the Academy of Romanian Scientists, declared AOSR&#8217;s day, will take place the General Assembly of the Academy of Romanian Scientists. During the meeting shall be presented: the activity report for 2017, the 2018 budget, the balance sheet for 2017, the scientific activity programs for 2018, and the validation of new AOSR members.<\/p>\n<p>The General Assembly will be followed by Gala Award of AOSR prizes for 2016.<\/p>\n<p>At this festivity the official uniform of the Academy shall be worn.<\/p>\n<p>Friday, March 30, 2018, shall be held the Spring Scientific Session of the Academy of Romanian Scientist<\/p>\n<p>Entries shall be made by submitting the registration form to one of these two email addresses: <a href=\"mailto:sindilems@yahoo.com\">sindilems@yahoo.com<\/a> or <a href=\"mailto:editura.aosr@gmail.com\">editura.aosr@gmail.com<\/a><\/p>\n<p>Deadline for signing up: March 2, 2018<\/p>\n<p><a href=\"https:\/\/www.aosr.ro\/wp-content\/uploads\/2015\/04\/FI-ALB-sesiune-primavara-site.doc\">Registration form <\/a><\/p>\n<hr>\n<p><a href=\"https:\/\/www.aosr.ro\/wp-content\/uploads\/2018\/03\/Articol_AVE_en.pdf\"><img loading=\"lazy\" decoding=\"async\" class=\"wp-image-13345 alignleft\" src=\"https:\/\/www.aosr.ro\/wp-content\/uploads\/2018\/03\/Page1.jpg\" alt=\"\" width=\"233\" height=\"168\"><\/a>Marquardt hosted the National Conference<br \/>\nAVE &#8211; &#8220;That&#8217;s what I want!&#8221; (\u201cI want this!\u201d)<br \/>\nEducational program for safety at the workplace and early professional counseling of pupils in the primary education cycle<\/p>\n<p>&nbsp;<\/p>\n<p>&nbsp;<\/p>\n<hr>\n<p class=\"yiv1252712224MsoNormal\"><span lang=\"EN-US\">The International Conference \u201c<\/span><span lang=\"EN-US\">Applied Modeling in Economics, Finance and Social Sciences (AMEFSS 2018) \u201dto be held on 1-6 July 2018 in Bulgaria &#8211; Tryavna, Gabrovo. The conference is organized by Sofia University &#8220;St. Kliment Ohridski&#8221; (<\/span><span lang=\"EN-US\"><a href=\"http:\/\/www.uni-sofia.bg\/index.php\/eng\/the_university\/faculties\/faculty_of_economics_and_business_administration\" target=\"_blank\" rel=\"nofollow noopener\">Faculty of Economics and Business Administration<\/a> ), Plovdiv University &#8220;Paisii Hilendarski&#8221; ( <a href=\"http:\/\/uni-plovdiv.bg\/en\/pages\/index\/37\/\" target=\"_blank\" rel=\"nofollow noopener\">Faculty of Economics and Social Studies<\/a> ), Shumen University &#8220;Bishop Konstantin Preslavsky&#8221; ( <a href=\"http:\/\/shu.bg\/structure\/dobrich?language=en\" target=\"_blank\" rel=\"nofollow noopener\">College Dobrich<\/a> ), in collaboration with <a href=\"https:\/\/www.aosr.ro\/en\/\" target=\"_blank\" rel=\"nofollow noopener\">Academy of Romanian Scientists<\/a> .<\/span><\/p>\n<p class=\"yiv1252712224MsoNormal\"><span lang=\"EN-US\"> <\/span><\/p>\n<p class=\"yiv1252712224MsoNormal\">More details: <a href=\"http:\/\/dataconferences.org\/\" target=\"_blank\" rel=\"nofollow noopener\">http:\/\/dataconferences.org\/<\/a><\/p>\n<hr>\n<p><img loading=\"lazy\" decoding=\"async\" class=\"wp-image-13123 alignleft\" src=\"https:\/\/www.aosr.ro\/wp-content\/uploads\/2015\/04\/DSC_0324.jpg\" alt=\"\" width=\"315\" height=\"210\">Bucharest, 11\/22\/2017<\/p>\n<p><strong>PRESS RELEASE &#8211; NATIONAL DEBATE<\/strong> <strong><em>GOOD GOVERNANCE, A WAY OF INCREASING RESILIENCE TO HYBRID THREATS<\/em><\/strong><\/p>\n<p>November 22, 2017, 10.00, National Military Circle, Marble Hall<\/p>\n<p>Under the aegis of the Academy of Romanian Scientists, on November 22, 2017, at 10 am, the Marble Hall of the National Military Circle, will host the <strong>Debate<\/strong> <strong><em>Good Governance, a Way of Increasing Resilience to Hybrid Threats<\/em><\/strong> .<\/p>\n<p><a href=\"https:\/\/www.aosr.ro\/wp-content\/uploads\/2015\/04\/press-release-22.11.2017.pdf\">Press release <\/a><\/p>\n<hr>\n<p><strong><em><img loading=\"lazy\" decoding=\"async\" class=\"size-full wp-image-11639 alignleft\" src=\"https:\/\/www.aosr.ro\/wp-content\/uploads\/2015\/09\/CONSTANTIN-VLAD1.jpg\" alt=\"\" width=\"102\" height=\"137\">Wednesday, November 8, 2017, 12:00, in the Hall \u201cHuman Rights\u201d, at the Headquarters of AOSR, will be held the conference:<\/em><\/strong><\/p>\n<p><strong><em>&#8220;CATALONIA &#8211; A Challenge for Europe&#8221;,<\/em><\/strong><\/p>\n<p><strong><em>a speech delivered by Ambassador Vlad CONSTANTIN, founding member of the Academy of Romanian Scientists, member of the Honorary Council of AOSR. <\/em><\/strong><\/p>\n<p>&nbsp;<\/p>\n<hr>\n<p>&nbsp;<\/p>\n<p><strong><img loading=\"lazy\" decoding=\"async\" class=\"wp-image-13115 alignleft\" src=\"https:\/\/www.aosr.ro\/wp-content\/uploads\/2015\/04\/Foto-02.jpg\" alt=\"\" width=\"337\" height=\"223\">International Symposium \u201cSafety and Health at Work\u201d &#8211; SESAM 2017<\/strong><\/p>\n<p>&nbsp;<\/p>\n<p>The National Institute for Research and Development in Mine Safety and Protection to Explosion &#8211; INSEMEX Petro\u0219ani organized the 8<sup>th<\/sup> Edition of the <strong>International Symposium \u201cSafety and Health at Work\u201d &#8211; SESAM<\/strong><strong>,<\/strong> scientific event hosted by the InterContinental Hotel of Bucharest, on October 19, 2017, with the support and cooperation of the University of Petro\u015fani and the Labor Inspection, under the auspices of the Ministry of Research and Innovation and the high patronage of the Academy of Romania Scientists.<\/p>\n<p>At the official opening of the symposium took the floor: Minister of Research and Innovation Prof. PhD. Eng. Puiu Lucian Georgescu, General Manager of INSEMEX PhD. Eng. George Artur G\u0103man, Rector of the University of Petro\u0219ani, Prof. PhD. Eng. Sorin Mihai Radu, Mihail M\u00e2ndru Head of the Control Department, SSM of the Labor Inspection, Vice President of the Academy of Romanian Scientists &#8211; AOSR &#8211; PhD. Doru Sabin Delion, General Manager of INCD for Labor Protection Bucharest, PhD. Eng. Doru Costin Darabont, Prof. PhD. Eng. Gheorghe Manolea of the University of Craiova.<\/p>\n<hr>\n<p><img loading=\"lazy\" decoding=\"async\" class=\"wp-image-13079 alignleft\" src=\"https:\/\/www.aosr.ro\/wp-content\/uploads\/2015\/04\/22499023_1978330495780542_6776749079517816672_o.jpg\" alt=\"\" width=\"285\" height=\"190\"><strong>The Academy of Romanian Scientists<\/strong> organized between October 2 and October 14, 2017, at Timi\u015foara, the <strong>2017<\/strong> <strong>Autumn Scientific<\/strong> <strong>Session of AOSR<\/strong> . The event, hosted by the Library and Faculty of Electrical and Power Engineering of Politehnica University of Timisoara, was held in an atmosphere of collaboration that brought together academic institutions and authorities of the Public Administration: the Romanian Academy &#8211; Timi\u015foara Branch -, the Academy of Technical Sciences of Romania (ASTR) &#8211; Timi\u015foara Branch -, the Academy of Agricultural and Forestry Sciences (ASAS) &#8211; Timi\u015foara Branch -, the Academy of Medical Sciences (ASM) &#8211; Timi\u015foara Branch -, Timi\u015f County Council, Timi\u015foara City Hall, Politehnica University of Timisoara, <em>Vasile Goldi\u015f<\/em><em> <\/em>West University &#8211; Arad, <em>Ion See<\/em> <em>National Art College.<\/em><em> <\/em>Such a partnership, alongside the participants and the communications presented during the Session, attests to the value and importance of the meeting, which has become an emblematic event of the national and international academic space and of scientific research. The 2017 edition of the Autumn Scientific Session of the Academy of Romanian Scientists was held under an equally important and challenging headline: <strong><em>Scientific Research in Support of Sustainable Development<\/em><\/strong> .<\/p>\n<p><a href=\"https:\/\/www.aosr.ro\/wp-content\/uploads\/2015\/04\/comunicat-de-presa-Timisoara-oct.-2017.pdf\">PRESS RELEASE<\/a><\/p>\n<hr>\n<p><img loading=\"lazy\" decoding=\"async\" class=\"wp-image-13105 alignleft\" src=\"https:\/\/www.aosr.ro\/wp-content\/uploads\/2015\/04\/DSC_0005.jpg\" alt=\"\" width=\"299\" height=\"199\">Between October 19 and October 21, 2017, POLITEHNICA University of Bucharest hosted the eighth edition of the <strong>International Energy-Environment Conference &#8211; ICES 2017<\/strong> with the central theme \u201cEnergy Saved Today is Asset for Future\u201d.<\/p>\n<p><em>This year, the conference was organized by the Academy of Romanian Scientists, POLITEHNICA University of Bucharest and the Academy of Science and Technology of Shanghai, in collaboration with the Romanian National Committee for the World Energy Council, the Gheorghe Asachi Technical University of Ia\u015fi and the University of Ljubljana. The conference had as technical sponsor the IEEE Power &amp; Energy Society (PES).<\/em><\/p>\n<p><em>It is worthwhile noting the very large participation of both Romanian and foreign specialists in this conference (over 180 participants), of which 38 foreign specialists from 18 countries.<\/em><\/p>\n<p><em>We should also say that the 110 papers presented in the plenary conference covered topical and stringent issues for our country as well as for the European Union in the fields of efficient production, transport, distribution and use of energy, renewable energy sources and environmental protection.<\/em><\/p>\n<hr>\n<p><strong><img loading=\"lazy\" decoding=\"async\" class=\"wp-image-13087 alignleft\" src=\"https:\/\/www.aosr.ro\/wp-content\/uploads\/2015\/04\/IMG_2796-2.jpg\" alt=\"\" width=\"212\" height=\"283\">Participation of the members of the Section of Technical Sciences in the International Warsaw Invention Show <\/strong><\/p>\n<p><strong>XI International Warsaw Invention Show &#8211; IWIS<\/strong><\/p>\n<p><strong>October 9-11, 2017<\/strong><\/p>\n<p><strong> <\/strong>Professor PhD. Eng. Anton HADAR and Professor PhD. Eng. Miron ZAPCIU submitted the following invention to IWIS 2017:<\/p>\n<p><strong>HYDRODYNAMIC BEARING USED FOR OVERFINISHED PIECES THROUGH RECTIFICATION<\/strong><\/p>\n<p>&nbsp;<\/p>\n<p><strong>The invention was awarded the <em>Golden Medal<\/em> and received a special prize from the <em>Taiwan International Invention Award Winners Association.<\/em><\/strong><\/p>\n<p>&nbsp;<\/p>\n<hr>\n<p><img loading=\"lazy\" decoding=\"async\" class=\"size-full wp-image-13103 alignleft\" src=\"https:\/\/www.aosr.ro\/wp-content\/uploads\/2015\/04\/images-1.jpg\" alt=\"\" width=\"277\" height=\"182\">THE ACADEMY OF ROMANIAN SCINTISTS:<\/p>\n<p>EDUCATION REPRESENTS ROMANIA&#8217;S CHANCE TO DEVELOP AND ASSERT IN THE EUROPEAN UNION AND WORLDWIDE<\/p>\n<p>Initiated by UNESCO on October 5, 1994, the World Teacher&#8217;s Day symbolically enshrines internationally the Recommendation of the United Nations Educational, Scientific and Cultural Organization (UNESCO) and the International Labor Organization on the status of teachers, since 1966 , and a subsequent document, the Recommendation on Higher Education of 1997.<\/p>\n<p>The event is addressed in the broader framework created by the Agenda 2030 of the United Nations organization for sustainable development (September 2015), which promotes a series of principles and objectives such as: ensuring equal access to quality education, creating lifelong learning opportunities, the support of teachers through vocational training programs aiming at the ideal of quality education and optimal conditions for carrying on their activity, their motivation through adequate salaries to the importance of the work they perform &#8211; the education and training of the younger generations.<\/p>\n<hr>\n<p><img loading=\"lazy\" decoding=\"async\" class=\"wp-image-12603 alignleft\" src=\"https:\/\/www.aosr.ro\/wp-content\/uploads\/2015\/04\/ROCAM2017_FULL_300p.gif\" alt=\"\" width=\"122\" height=\"116\"><strong><a href=\"http:\/\/rocam.unibuc.ro\/rocam2017\/index.php\">THE 9th INTERNATIONAL CONFERENCE ON<\/a><\/strong><br \/>\n <strong><a href=\"http:\/\/rocam.unibuc.ro\/rocam2017\/index.php\">ADVANCED MATERIALS, ROCAM 2017<\/a><\/strong><br \/>\n <strong><a href=\"http:\/\/rocam.unibuc.ro\/rocam2017\/index.php\">&amp;<\/a><\/strong><br \/>\n <strong><a href=\"http:\/\/rocam.unibuc.ro\/rocam2017\/index.php\">THE 2nd INTERNATIONAL SYMPOSIUM ON<\/a><\/strong><br \/>\n <strong><a href=\"http:\/\/rocam.unibuc.ro\/rocam2017\/index.php\">DIELECTRIC MATERIALS AND APPLICATIONS, ISyDMA 2017<\/a><\/strong> <\/p>\n<p>&nbsp;<\/p>\n<hr>\n<p><img loading=\"lazy\" decoding=\"async\" class=\" wp-image-12605 alignleft\" src=\"https:\/\/www.aosr.ro\/wp-content\/uploads\/2015\/04\/logo-insemex-big.png\" alt=\"\" width=\"136\" height=\"163\">National Institute for Research and Development in Mine Safety and Protection to Explosion &#8211; INSEMEX Petro\u015fani organizes the International Symposium on Occupational Health and Safety &#8211; SESAM 2017, 8th edition.<\/p>\n<p>The International Symposium SESAM 2017 will take place in Bucharest, at &#8220;InterContinental&#8221; Hotel, on October 19th 2017, being organized with the support and cooperation of the University of Petro\u015fani, of the Labor Inspection, under the auspices of the Ministry of Research and Innovation , under the high patronage of the Academy of Romanian Scientists &#8211; AOSR.<\/p>\n<p><a href=\"http:\/\/sesam2017.insemex.ro\/\">sesam2017.insemex.ro<\/a><\/p>\n<p>&nbsp;<\/p>\n<hr>\n<p><a href=\"http:\/\/www.upb.ro\/files\/conferinta-PM-5-2016\/prezentare.html\"><img loading=\"lazy\" decoding=\"async\" class=\"wp-image-12429 alignleft\" src=\"https:\/\/www.aosr.ro\/wp-content\/uploads\/2015\/04\/DSCN0152.jpg\" alt=\"dscn0152\" width=\"251\" height=\"188\">The fifth edition of the International Colloquium &#8216;Physics of Materials&#8217; &#8211; PM-5, will be organized by the University POLITEHNICA of Bucharest, and the Academy of Romanian Scientists, between November 10-11, 2016.<\/a><\/p>\n<p>&nbsp;<\/p>\n<p><a href=\"http:\/\/www.upb.ro\/files\/conferinta-PM-5-2016\/prezentare.html\">http:\/\/www.upb.ro\/files\/conferinta-PM-5-2016\/prezentare.html<\/a><\/p>\n<p>&nbsp;<\/p>\n<p>&nbsp;<\/p>\n<hr>\n<p><a href=\"https:\/\/www.aosr.ro\/wp-content\/uploads\/2015\/04\/OVIDIUS.Sept_.Program-2016.pdf\"><img loading=\"lazy\" decoding=\"async\" class=\"wp-image-12361 alignleft\" src=\"https:\/\/www.aosr.ro\/wp-content\/uploads\/2015\/04\/Page1-1.jpg\" alt=\"page1\" width=\"182\" height=\"257\"><strong><em>International Symposium<\/em><\/strong> <strong><em>&#8211;<\/em><\/strong><\/a><\/p>\n<p><a href=\"https:\/\/www.aosr.ro\/wp-content\/uploads\/2015\/04\/OVIDIUS.Sept_.Program-2016.pdf\"><strong><em>St. ANTHIM the IBERIAN (\u2020 1716)<\/em><\/strong><\/a><\/p>\n<p><a href=\"https:\/\/www.aosr.ro\/wp-content\/uploads\/2015\/04\/OVIDIUS.Sept_.Program-2016.pdf\"><strong><em>THE EUROPEAN AND CAUCASIAN CULTURE AND<\/em><\/strong><\/a><\/p>\n<p><a href=\"https:\/\/www.aosr.ro\/wp-content\/uploads\/2015\/04\/OVIDIUS.Sept_.Program-2016.pdf\"><strong><em>SPIRITUALITY FROM<\/em><\/strong><\/a><\/p>\n<p><a href=\"https:\/\/www.aosr.ro\/wp-content\/uploads\/2015\/04\/OVIDIUS.Sept_.Program-2016.pdf\"><strong><em>LATE 17TH CENTURY AND EARLY 18TH CENTURY<\/em><\/strong><\/a><\/p>\n<p>&nbsp;<\/p>\n<p>&nbsp;<\/p>\n<p>&nbsp;<\/p>\n<hr>\n<h2><\/h2>\n<h5><span class=\"Apple-style-span\"><a href=\"http:\/\/aos.ro\/_new\/wp-content\/uploads\/2016\/06\/IBWAP-2016.png\"><img loading=\"lazy\" decoding=\"async\" class=\"alignleft size-full wp-image-4379\" title=\"IBWAP-2016\" src=\"http:\/\/aos.ro\/_new\/wp-content\/uploads\/2016\/06\/IBWAP-2016.png\" alt=\"\" width=\"350\" height=\"180\"><\/a><\/span><\/h5>\n<h5><span class=\"Apple-style-span\"><a href=\"http:\/\/www.ibwap.ro\/2016\/\">16th International Balkan Workshop on Applied Physics and Materials Science. It will be held in Constanta, Romania on 7-9, July, 2016. IBWAP 2016 is hosted by Ovidius University of Constanta, and supported by Balkan Physical Union, Romanian Physical Society, Romanian Academy and Academy of Romanian Scientists<\/a><\/span><\/h5>\n<p>&nbsp;<\/p>\n<p>&nbsp;<\/p>\n<p>&nbsp;<\/p>\n<p>&nbsp;<\/p>\n<p>&nbsp;<\/p>\n<hr>\n<p><b><i><img loading=\"lazy\" decoding=\"async\" class=\"wp-image-12129 alignleft\" src=\"https:\/\/www.aosr.ro\/wp-content\/uploads\/2015\/04\/x-1.jpg\" alt=\"x\" width=\"125\" height=\"177\" srcset=\"https:\/\/www.aosr.ro\/wp-content\/uploads\/2015\/04\/x-1.jpg 1785w, https:\/\/www.aosr.ro\/wp-content\/uploads\/2015\/04\/x-1-106x150.jpg 106w, https:\/\/www.aosr.ro\/wp-content\/uploads\/2015\/04\/x-1-212x300.jpg 212w, https:\/\/www.aosr.ro\/wp-content\/uploads\/2015\/04\/x-1-768x1086.jpg 768w, https:\/\/www.aosr.ro\/wp-content\/uploads\/2015\/04\/x-1-724x1024.jpg 724w\" sizes=\"auto, (max-width: 125px) 100vw, 125px\" \/><\/i><\/b><\/p>\n<p><strong><em>The 9 <sup>th<\/sup> annual International Conference Sustainable Development Through Nuclear Research and Education<\/em><\/strong><\/p>\n<p><b><i> <\/i><\/b><\/p>\n<p><b><i><a href=\"http:\/\/aos.ro\/_new\/wp-content\/uploads\/2016\/03\/N2016_Announcement.doc\">ICN 2016_Announcement<\/a><\/i><\/b><\/p>\n<p>&nbsp;<\/p>\n<p>&nbsp;<\/p>\n<p>&nbsp;<\/p>\n<hr>\n<p><a href=\"http:\/\/sorging.ro\/en\/articles\/international-conference-on-interdisciplinary-studies-icis-2016\"><img loading=\"lazy\" decoding=\"async\" class=\"wp-image-11785 alignleft\" src=\"https:\/\/www.aosr.ro\/wp-content\/uploads\/2015\/04\/leonardo-sorging.jpg\" alt=\"leonardo-sorging\" width=\"325\" height=\"93\" srcset=\"https:\/\/www.aosr.ro\/wp-content\/uploads\/2015\/04\/leonardo-sorging.jpg 912w, https:\/\/www.aosr.ro\/wp-content\/uploads\/2015\/04\/leonardo-sorging-150x43.jpg 150w, https:\/\/www.aosr.ro\/wp-content\/uploads\/2015\/04\/leonardo-sorging-300x86.jpg 300w, https:\/\/www.aosr.ro\/wp-content\/uploads\/2015\/04\/leonardo-sorging-768x220.jpg 768w\" sizes=\"auto, (max-width: 325px) 100vw, 325px\" \/><strong>International Conference on Interdisciplinary Studies<\/strong> <strong>10-11 June 2016,<\/strong><\/a><\/p>\n<p><a href=\"http:\/\/sorging.ro\/en\/articles\/international-conference-on-interdisciplinary-studies-icis-2016\"><strong> Ovidius University from Constan\u021ba, ROMANIA<\/strong><\/a><\/p>\n<p>&nbsp;<\/p>\n<hr>\n<div><span class=\"Apple-style-span\"><a href=\"http:\/\/aos.ro\/_new\/wp-content\/uploads\/2015\/11\/20151118_11355607.jpg\"><img loading=\"lazy\" decoding=\"async\" class=\"alignleft wp-image-3483\" title=\"_20151118_11355607\" src=\"http:\/\/aos.ro\/_new\/wp-content\/uploads\/2015\/11\/20151118_11355607.jpg\" alt=\"\" width=\"123\" height=\"177\"><\/a>The Faculty of Environmental Protection within the University of Oradea organizes on Friday, 6 November 2015, and Saturday, 7 November 2015, the international symposium &#8220;Risk Factors for Environment and Food Safety&#8221;.<\/span><\/div>\n<div><\/div>\n<p>&nbsp;<\/p>\n<p>&nbsp;<\/p>\n<p>&nbsp;<\/p>\n<p>&nbsp;<\/p>\n<hr>\n<p><span class=\"Apple-style-span\"><a href=\"http:\/\/www.aosr-usa.com\/xxiiirdsymposium.htm\"><img loading=\"lazy\" decoding=\"async\" class=\"alignleft size-full wp-image-3534\" title=\"XIII-rd Simposyium New York\" src=\"http:\/\/aos.ro\/_new\/wp-content\/uploads\/2015\/12\/XIII-rd-Simposyium-New-York.jpg\" alt=\"\" width=\"160\" height=\"120\"><\/a><a href=\"http:\/\/www.aosr-usa.com\/xxiiirdsymposium.htm\">The XXIIIrd Ecumencial Theological and Interdisciplinary Symposium &#8211; Cultural Transparency and the Loss of Privacy in the Age of Digital Technology: How Is This Shaping Our Becoming and the Ethical Dilemmas Related to It.<\/a><\/span><br \/>\nOrganized by: The Academy of Romanian Scientists, the Romanian Institute of Orthodox Theology and Spirituality and the General Theological Seminary.<br \/>\nSaturday, December 5th, 2015, 10:00 AM, The General Theological Seminary Seabury Building, 440 West 21st Street, New York, NY 10014<\/p>\n<p>&nbsp;<\/p>\n<hr>\n<div id=\"_mcePaste\"><span class=\"Apple-style-span\"><a href=\"http:\/\/aos.ro\/_new\/wp-content\/uploads\/2016\/01\/images.jpg\"><img loading=\"lazy\" decoding=\"async\" class=\"size-full wp-image-3723 alignleft\" title=\"images\" src=\"http:\/\/aos.ro\/_new\/wp-content\/uploads\/2016\/01\/images.jpg\" alt=\"\" width=\"267\" height=\"189\"><\/a><a href=\"http:\/\/www.icmera.com\/\">International Conference on Cyber Systems in All Fields of Life Aerospace, Robotics, Mechanical<\/a><\/span><\/div>\n<div id=\"_mcePaste\"><span class=\"Apple-style-span\"><a href=\"http:\/\/www.icmera.com\/\">Engineering, Manufacturing Systems, Biomechatronics, Neurorehabilitation and Human Motricities<\/a><\/span><\/div>\n<div id=\"_mcePaste\"><span class=\"Apple-style-span\"><a href=\"http:\/\/www.icmera.com\/\">will held together with IACT- USA international conferences ICREC and ICCBM<\/a><\/span><\/div>\n<p>&nbsp;<\/p>\n<p>&nbsp;<\/p>\n<p>&nbsp;<\/p>\n<p>&nbsp;<\/p>\n<hr>\n<p><a href=\"http:\/\/aos.ro\/_new\/wp-content\/uploads\/2015\/11\/Afis-the-8th-edition-of-the-International-Conference-%E2%80%9CState-and-Society-in-Europe-25-oct-5-noi-2015.jpg\"><img loading=\"lazy\" decoding=\"async\" class=\"alignleft size-full wp-image-3456\" title=\"Afis the 8th edition of the International Conference \u201cState and Society in Europe 25 oct 5 noi 2015\" src=\"http:\/\/aos.ro\/_new\/wp-content\/uploads\/2015\/11\/Afis-the-8th-edition-of-the-International-Conference-%E2%80%9CState-and-Society-in-Europe-25-oct-5-noi-2015.jpg\" alt=\"\" width=\"90\" height=\"120\"><\/a><a href=\"http:\/\/sse.conferences.faaa.ro\/about-conference\/\">The 8th edition of the International Conference \u201cState and Society in Europe\u201d, 25 October to 5 November 2015, Craiova &#8211; Romania, The \u201cAlexandru and Aristia Aman\u201d Foundation alongside the \u201cAlexandru and Aristia Aman\u201d County Library<\/a><\/p>\n<p>&nbsp;<\/p>\n<p>&nbsp;<\/p>\n<hr>\n<h2><a href=\"https:\/\/www.aosr.ro\/wp-content\/uploads\/2015\/04\/descarcare-150x48.png\"><img loading=\"lazy\" decoding=\"async\" class=\"alignnone size-thumbnail wp-image-11345\" src=\"https:\/\/www.aosr.ro\/wp-content\/uploads\/2015\/04\/descarcare-150x48.png\" alt=\"download\" width=\"150\" height=\"48\" srcset=\"https:\/\/www.aosr.ro\/wp-content\/uploads\/2015\/04\/descarcare-150x48.png 150w, https:\/\/www.aosr.ro\/wp-content\/uploads\/2015\/04\/descarcare.png 152w\" sizes=\"auto, (max-width: 150px) 100vw, 150px\" \/><\/a><a href=\"http:\/\/www.ciem2015.energ.pub.ro\/\">International Conference on Energy and Environment<\/a><\/h2>\n<p><a href=\"http:\/\/www.ciem2015.energ.pub.ro\/\">The 7th International Conference on ENERGY and ENVIRONMENT (ICES) 22-23 of October 2015 Iasi, Romania!<\/a><\/p>\n<p>&nbsp;<\/p>\n<hr>\n<p><a href=\"http:\/\/www.mathem.pub.ro\/dept\/dgds-15\/f-gen.htm\">The International Conference &#8220;Differential Geometry and Dynamical Systems &#8211; 2015&#8221;<\/a><\/p>\n<hr>\n<p><em><a href=\"http:\/\/aos.ro\/_new\/wp-content\/uploads\/2015\/06\/Sigla_2015-florin-NEW-FULL1-1200.jpg\"><img loading=\"lazy\" decoding=\"async\" class=\"alignleft size-full wp-image-3049\" title=\"Sigla_2015-florin-NEW-FULL1-1200\" src=\"http:\/\/aos.ro\/_new\/wp-content\/uploads\/2015\/06\/Sigla_2015-florin-NEW-FULL1-1200.jpg\" alt=\"\" width=\"127\" height=\"119\"><\/a><a href=\"http:\/\/rocam.unibuc.ro\/rocam2015\/index.php\">THE 8th INTERNATIONAL CONFERENCE ON<br \/>\nADVANCED MATERIALS, ROCAM 2015<\/a><a href=\"http:\/\/rocam.unibuc.ro\/rocam2015\/index.php\"><br \/>\n<\/a><\/em><\/p>\n<h3><em><a href=\"http:\/\/rocam.unibuc.ro\/rocam2015\/index.php\">7-10 JULY 2015, BUCHAREST, ROMANIA<\/a><\/em><\/h3>\n<p>&nbsp;<\/p>\n<hr>\n<p><strong><a href=\"http:\/\/aos.ro\/_new\/wp-content\/uploads\/2014\/11\/ibwap-2015.bmp\"><img loading=\"lazy\" decoding=\"async\" class=\"alignleft size-full wp-image-2436\" title=\"ibwap 2015\" src=\"http:\/\/aos.ro\/_new\/wp-content\/uploads\/2014\/11\/ibwap-2015.bmp\" alt=\"\" width=\"200\" height=\"120\"><\/a><a href=\"http:\/\/www.ibwap.ro\/2015\/\">15th International Balkan Workshop on Applied Physics and Materials Science. <\/a><\/strong><a href=\"http:\/\/www.ibwap.ro\/2015\/\">It will be held in Constanta, Romania on 2-4, July, 2015. IBWAP 2015 is hosted by Ovidius University of Constanta, and supported by Balkan Physical Union, Romanian Physical Society, Romanian Academy and Academy of Romanian Scientists.<\/a><\/p>\n<p>&nbsp;<\/p>\n<p>&nbsp;<\/p>\n<hr>\n<h3 id=\"yui_3_16_0_1_1449826238293_5675\"><a href=\"http:\/\/aos.ro\/_new\/wp-content\/uploads\/2015\/12\/image.png\"><img loading=\"lazy\" decoding=\"async\" class=\"alignleft wp-image-3562\" title=\"image\" src=\"http:\/\/aos.ro\/_new\/wp-content\/uploads\/2015\/12\/image.png\" alt=\"\" width=\"160\" height=\"226\"><\/a><a href=\"http:\/\/www.gds.ro\/Local\/Dolj\/2015-06-10\/craiova-cea-de-doua-editie-conferintei-internationale-politica.diplomatie.cultura-debuteaza-maine\/\">WORLD RENEWABLE ENERGY CONGRESS 14<\/a><\/h3>\n<p id=\"yui_3_16_0_1_1449826238293_5709\"><a href=\"http:\/\/www.gds.ro\/Local\/Dolj\/2015-06-10\/craiova-cea-de-doua-editie-conferintei-internationale-politica.diplomatie.cultura-debuteaza-maine\/\">WREC XIV<\/a><\/p>\n<p id=\"yui_3_16_0_1_1449826238293_5711\"><a href=\"http:\/\/www.gds.ro\/Local\/Dolj\/2015-06-10\/craiova-cea-de-doua-editie-conferintei-internationale-politica.diplomatie.cultura-debuteaza-maine\/\">POLITEHNICA University of Bucharest,<\/a><\/p>\n<h3 id=\"yui_3_16_0_1_1449826238293_5713\"><a href=\"http:\/\/www.gds.ro\/Local\/Dolj\/2015-06-10\/craiova-cea-de-doua-editie-conferintei-internationale-politica.diplomatie.cultura-debuteaza-maine\/\">Bucuresti, Romania,<\/a><\/h3>\n<h3 id=\"yui_3_16_0_1_1449826238293_5714\"><a href=\"http:\/\/www.gds.ro\/Local\/Dolj\/2015-06-10\/craiova-cea-de-doua-editie-conferintei-internationale-politica.diplomatie.cultura-debuteaza-maine\/\">June 8 &#8211; 12, 2015<\/a><\/h3>\n<p>&nbsp;<\/p>\n<p>&nbsp;<\/p>\n<hr>\n<header class=\"page-entry-header\"><a href=\"https:\/\/www.aosr.ro\/wp-content\/uploads\/2015\/04\/CANTI_Front_Page.jpg\"><img loading=\"lazy\" decoding=\"async\" class=\"size-thumbnail wp-image-11451 alignleft\" src=\"https:\/\/www.aosr.ro\/wp-content\/uploads\/2015\/04\/CANTI_Front_Page-106x150.jpg\" alt=\"CANTI_Front_Page\" width=\"106\" height=\"150\" srcset=\"https:\/\/www.aosr.ro\/wp-content\/uploads\/2015\/04\/CANTI_Front_Page-106x150.jpg 106w, https:\/\/www.aosr.ro\/wp-content\/uploads\/2015\/04\/CANTI_Front_Page-212x300.jpg 212w, https:\/\/www.aosr.ro\/wp-content\/uploads\/2015\/04\/CANTI_Front_Page.jpg 451w\" sizes=\"auto, (max-width: 106px) 100vw, 106px\" \/><\/a><a href=\"http:\/\/acse.pub.ro\/education\/fr-ro-summer-school\/\">FR-RO Summer school<\/a><br \/>\n<small class=\"last-modified\"><\/small><\/header>\n<div class=\"single-entry-content\"><a href=\"http:\/\/acse.pub.ro\/education\/fr-ro-summer-school\/\">Franco-Romanian Summer School<\/a><br \/>\n<a href=\"http:\/\/acse.pub.ro\/education\/fr-ro-summer-school\/\"> Advanced Control of Computer Systems &amp; New Technologies &#8211; CA&#8217;NTI<\/a><\/div>\n<p>&nbsp;<\/p>\n<p>&nbsp;<\/p>\n<p>&nbsp;<\/p>\n<hr>\n<p>&nbsp;<\/p>\n<p><strong><a href=\"http:\/\/aos.ro\/_new\/wp-content\/uploads\/2015\/04\/tumblr_n2byssK9Ei1tv1nkwo1_5001.jpg\"><img loading=\"lazy\" decoding=\"async\" class=\"alignleft wp-image-2627\" title=\"tumblr_n2byssK9Ei1tv1nkwo1_500\" src=\"http:\/\/aos.ro\/_new\/wp-content\/uploads\/2015\/04\/tumblr_n2byssK9Ei1tv1nkwo1_5001.jpg\" alt=\"\" width=\"130\" height=\"65\"><\/a><\/strong> <a href=\"https:\/\/www.aosr.ro\/scientific-session-productica-29-may-2015-2\/\"><strong>Scientific Session PRODUCTICA &#8211; May 29, 2015<\/strong><\/a><\/p>\n<p>&nbsp;<\/p>\n<p>&nbsp;<\/p>\n<hr>\n<p>&nbsp;<\/p>\n<p>&nbsp;<\/p>\n<p><img loading=\"lazy\" decoding=\"async\" class=\"wp-image-11365 alignleft\" src=\"https:\/\/www.aosr.ro\/wp-content\/uploads\/2015\/04\/Water-Protein-Afis1.png\" alt=\"Water-Protein-Afis\" width=\"122\" height=\"122\"><strong>Second World Congress on Water Channel Proteins (Aquaporins and Relatives)<\/strong> Celebrating the 30th Anniversary of the Discovery of the First Water Channel Protein (Later Called Aquaporin1) Cluj-Napoca, Romania, May 6-10, 2015<\/p>\n<p>&nbsp;<\/p>\n<p><!--visual-columns--><\/p>\n<p>&nbsp;<\/p>\n<p>&nbsp;<\/p>\n<p>&nbsp;<\/p>\n<hr>\n<p><a href=\"http:\/\/aos.ro\/_new\/wp-content\/uploads\/2015\/12\/Page_00002.jpg\"><img loading=\"lazy\" decoding=\"async\" class=\"alignleft size-full wp-image-3566\" title=\"Page_00002\" src=\"http:\/\/aos.ro\/_new\/wp-content\/uploads\/2015\/12\/Page_00002.jpg\" alt=\"\" width=\"227\" height=\"161\"><\/a><a href=\"http:\/\/www.ue-varna.bg\/Uploads\/volunteer\/Internships\/Call%20for%20Paper%202015%20engl%20produljenje%20(1).pdf\">10th International Conference Economic Integrations, Competition and Cooperation<\/a><\/p>\n<p><a href=\"http:\/\/www.ue-varna.bg\/Uploads\/volunteer\/Internships\/Call%20for%20Paper%202015%20engl%20produljenje%20(1).pdf\">Accession of the Western Balkan Region to the European Union April 22-24, 2015 Opatija &#8211; Croatia &#8211; Hotel Ambassador<\/a><\/p>\n<p>&nbsp;<\/p>\n<p>&nbsp;<\/p>\n<p>&nbsp;<\/p>\n<hr>\n<p><a href=\"https:\/\/www.aosr.ro\/wp-content\/uploads\/2015\/04\/afis.jpg\"><img loading=\"lazy\" decoding=\"async\" class=\"wp-image-11357 alignleft\" src=\"https:\/\/www.aosr.ro\/wp-content\/uploads\/2015\/04\/afis.jpg\" alt=\"afis\" width=\"120\" height=\"120\"><\/a><a href=\"http:\/\/balkansemp2015.mehmetakif.edu.tr\/ro\/index.php\">INTERNATIONAL SYMPOSIUM ON BALKAN HISTORY SUDIES<\/a><\/p>\n<p>&nbsp;<\/p>\n<p>&nbsp;<\/p>\n<p>&nbsp;<\/p>\n<p>&nbsp;<\/p>\n<hr>\n<h3><a href=\"http:\/\/aos.ro\/_new\/wp-content\/uploads\/2015\/12\/LCG-poster-800px.png\"><img loading=\"lazy\" decoding=\"async\" class=\"alignleft size-full wp-image-3567\" title=\"LCG-poster-800px\" src=\"http:\/\/aos.ro\/_new\/wp-content\/uploads\/2015\/12\/LCG-poster-800px.png\" alt=\"\" width=\"143\" height=\"202\"><\/a><a href=\"http:\/\/rolcg2014.ifin.ro\/\">RO-LCG 2014 Conference<\/a><\/h3>\n<p>&nbsp;<\/p>\n<p>&nbsp;<\/p>\n<p>&nbsp;<\/p>\n<p>&nbsp;<\/p>\n<p>&nbsp;<\/p>\n<\/div>\n<\/div>\n<\/div>\n<\/div>\n<\/div>\n<\/div>\n","protected":false},"excerpt":{"rendered":"<p>Applied Modeling in Economics, Finance and Social Sciences AMEFSS 2019: The International Conference Applied Modeling in Economics, Finance and Social Sciences (AMEFSS 2019) \u201dTo be held on the June 28 to July 2, 2019 in Sozopol, Bulgaria. The main organizers are Sofia University &#8220;St. Kl. Ohridski&#8221; ( Faculty of Economics and Business Administration ), Academy [&hellip;]<\/p>\n","protected":false},"author":1,"featured_media":0,"parent":0,"menu_order":0,"comment_status":"closed","ping_status":"closed","template":"","meta":{"inline_featured_image":false,"footnotes":""},"class_list":["post-17260","page","type-page","status-publish"],"yoast_head":"<!-- This site is optimized with the Yoast SEO plugin v27.0 - https:\/\/yoast.com\/product\/yoast-seo-wordpress\/ -->\n<title>Homepage - The Academy of Romanian Scientists<\/title>\n<meta name=\"robots\" content=\"index, follow, max-snippet:-1, max-image-preview:large, max-video-preview:-1\" \/>\n<link rel=\"canonical\" href=\"https:\/\/www.aosr.ro\/en\/homepage\/\" \/>\n<meta property=\"og:locale\" content=\"en_US\" \/>\n<meta property=\"og:type\" content=\"article\" \/>\n<meta property=\"og:title\" content=\"Homepage - The Academy of Romanian Scientists\" \/>\n<meta property=\"og:description\" content=\"Applied Modeling in Economics, Finance and Social Sciences AMEFSS 2019: The International Conference Applied Modeling in Economics, Finance and Social Sciences (AMEFSS 2019) \u201dTo be held on the June 28 to July 2, 2019 in Sozopol, Bulgaria. The main organizers are Sofia University &#8220;St. Kl. Ohridski&#8221; ( Faculty of Economics and Business Administration ), Academy [&hellip;]\" \/>\n<meta property=\"og:url\" content=\"https:\/\/www.aosr.ro\/en\/homepage\/\" \/>\n<meta property=\"og:site_name\" content=\"The Academy of Romanian Scientists\" \/>\n<meta property=\"og:image\" content=\"https:\/\/www.aosr.ro\/wp-content\/uploads\/2018\/11\/Dezbatere-3.jpg\" \/>\n<meta name=\"twitter:card\" content=\"summary_large_image\" \/>\n<meta name=\"twitter:label1\" content=\"Est. reading time\" \/>\n\t<meta name=\"twitter:data1\" content=\"13 minutes\" \/>\n<script type=\"application\/ld+json\" class=\"yoast-schema-graph\">{\"@context\":\"https:\/\/schema.org\",\"@graph\":[{\"@type\":\"WebPage\",\"@id\":\"https:\/\/www.aosr.ro\/en\/homepage\/\",\"url\":\"https:\/\/www.aosr.ro\/en\/homepage\/\",\"name\":\"Homepage - The Academy of Romanian Scientists\",\"isPartOf\":{\"@id\":\"\/#website\"},\"primaryImageOfPage\":{\"@id\":\"https:\/\/www.aosr.ro\/en\/homepage\/#primaryimage\"},\"image\":{\"@id\":\"https:\/\/www.aosr.ro\/en\/homepage\/#primaryimage\"},\"thumbnailUrl\":\"https:\/\/www.aosr.ro\/wp-content\/uploads\/2018\/11\/Dezbatere-3.jpg\",\"datePublished\":\"2022-01-16T23:57:02+00:00\",\"breadcrumb\":{\"@id\":\"https:\/\/www.aosr.ro\/en\/homepage\/#breadcrumb\"},\"inLanguage\":\"en-US\",\"potentialAction\":[{\"@type\":\"ReadAction\",\"target\":[\"https:\/\/www.aosr.ro\/en\/homepage\/\"]}]},{\"@type\":\"ImageObject\",\"inLanguage\":\"en-US\",\"@id\":\"https:\/\/www.aosr.ro\/en\/homepage\/#primaryimage\",\"url\":\"https:\/\/www.aosr.ro\/wp-content\/uploads\/2018\/11\/Dezbatere-3.jpg\",\"contentUrl\":\"https:\/\/www.aosr.ro\/wp-content\/uploads\/2018\/11\/Dezbatere-3.jpg\"},{\"@type\":\"BreadcrumbList\",\"@id\":\"https:\/\/www.aosr.ro\/en\/homepage\/#breadcrumb\",\"itemListElement\":[{\"@type\":\"ListItem\",\"position\":1,\"name\":\"Home\",\"item\":\"https:\/\/www.aosr.ro\/en\/\"},{\"@type\":\"ListItem\",\"position\":2,\"name\":\"Homepage\"}]},{\"@type\":\"WebSite\",\"@id\":\"\/#website\",\"url\":\"\/\",\"name\":\"The Academy of Romanian Scientists\",\"description\":\"The Academy of Romanian Scientists | Official website of AOSR\",\"potentialAction\":[{\"@type\":\"SearchAction\",\"target\":{\"@type\":\"EntryPoint\",\"urlTemplate\":\"\/?s={search_term_string}\"},\"query-input\":{\"@type\":\"PropertyValueSpecification\",\"valueRequired\":true,\"valueName\":\"search_term_string\"}}],\"inLanguage\":\"en-US\"}]}<\/script>\n<!-- \/ Yoast SEO plugin. -->","yoast_head_json":{"title":"Homepage - The Academy of Romanian Scientists","robots":{"index":"index","follow":"follow","max-snippet":"max-snippet:-1","max-image-preview":"max-image-preview:large","max-video-preview":"max-video-preview:-1"},"canonical":"https:\/\/www.aosr.ro\/en\/homepage\/","og_locale":"en_US","og_type":"article","og_title":"Homepage - The Academy of Romanian Scientists","og_description":"Applied Modeling in Economics, Finance and Social Sciences AMEFSS 2019: The International Conference Applied Modeling in Economics, Finance and Social Sciences (AMEFSS 2019) \u201dTo be held on the June 28 to July 2, 2019 in Sozopol, Bulgaria. The main organizers are Sofia University &#8220;St. Kl. Ohridski&#8221; ( Faculty of Economics and Business Administration ), Academy [&hellip;]","og_url":"https:\/\/www.aosr.ro\/en\/homepage\/","og_site_name":"The Academy of Romanian Scientists","og_image":[{"url":"https:\/\/www.aosr.ro\/wp-content\/uploads\/2018\/11\/Dezbatere-3.jpg","type":"","width":"","height":""}],"twitter_card":"summary_large_image","twitter_misc":{"Est. reading time":"13 minutes"},"schema":{"@context":"https:\/\/schema.org","@graph":[{"@type":"WebPage","@id":"https:\/\/www.aosr.ro\/en\/homepage\/","url":"https:\/\/www.aosr.ro\/en\/homepage\/","name":"Homepage - The Academy of Romanian Scientists","isPartOf":{"@id":"\/#website"},"primaryImageOfPage":{"@id":"https:\/\/www.aosr.ro\/en\/homepage\/#primaryimage"},"image":{"@id":"https:\/\/www.aosr.ro\/en\/homepage\/#primaryimage"},"thumbnailUrl":"https:\/\/www.aosr.ro\/wp-content\/uploads\/2018\/11\/Dezbatere-3.jpg","datePublished":"2022-01-16T23:57:02+00:00","breadcrumb":{"@id":"https:\/\/www.aosr.ro\/en\/homepage\/#breadcrumb"},"inLanguage":"en-US","potentialAction":[{"@type":"ReadAction","target":["https:\/\/www.aosr.ro\/en\/homepage\/"]}]},{"@type":"ImageObject","inLanguage":"en-US","@id":"https:\/\/www.aosr.ro\/en\/homepage\/#primaryimage","url":"https:\/\/www.aosr.ro\/wp-content\/uploads\/2018\/11\/Dezbatere-3.jpg","contentUrl":"https:\/\/www.aosr.ro\/wp-content\/uploads\/2018\/11\/Dezbatere-3.jpg"},{"@type":"BreadcrumbList","@id":"https:\/\/www.aosr.ro\/en\/homepage\/#breadcrumb","itemListElement":[{"@type":"ListItem","position":1,"name":"Home","item":"https:\/\/www.aosr.ro\/en\/"},{"@type":"ListItem","position":2,"name":"Homepage"}]},{"@type":"WebSite","@id":"\/#website","url":"\/","name":"The Academy of Romanian Scientists","description":"The Academy of Romanian Scientists | Official website of AOSR","potentialAction":[{"@type":"SearchAction","target":{"@type":"EntryPoint","urlTemplate":"\/?s={search_term_string}"},"query-input":{"@type":"PropertyValueSpecification","valueRequired":true,"valueName":"search_term_string"}}],"inLanguage":"en-US"}]}},"_links":{"self":[{"href":"https:\/\/www.aosr.ro\/en\/wp-json\/wp\/v2\/pages\/17260","targetHints":{"allow":["GET"]}}],"collection":[{"href":"https:\/\/www.aosr.ro\/en\/wp-json\/wp\/v2\/pages"}],"about":[{"href":"https:\/\/www.aosr.ro\/en\/wp-json\/wp\/v2\/types\/page"}],"author":[{"embeddable":true,"href":"https:\/\/www.aosr.ro\/en\/wp-json\/wp\/v2\/users\/1"}],"replies":[{"embeddable":true,"href":"https:\/\/www.aosr.ro\/en\/wp-json\/wp\/v2\/comments?post=17260"}],"version-history":[{"count":0,"href":"https:\/\/www.aosr.ro\/en\/wp-json\/wp\/v2\/pages\/17260\/revisions"}],"wp:attachment":[{"href":"https:\/\/www.aosr.ro\/en\/wp-json\/wp\/v2\/media?parent=17260"}],"curies":[{"name":"wp","href":"https:\/\/api.w.org\/{rel}","templated":true}]}}